{"id":2109,"date":"2023-03-10T10:57:59","date_gmt":"2023-03-10T10:57:59","guid":{"rendered":"https:\/\/dwb-solutions.com\/GRC\/?page_id=2109"},"modified":"2026-03-26T09:06:34","modified_gmt":"2026-03-26T09:06:34","slug":"inscriptions-et-tarifs","status":"publish","type":"page","link":"https:\/\/www.grandraid-cathares.fr\/index.php\/inscriptions-et-tarifs\/","title":{"rendered":"Inscriptions et tarifs"},"content":{"rendered":"\t\t<div data-elementor-type=\"wp-page\" data-elementor-id=\"2109\" class=\"elementor elementor-2109\" data-elementor-post-type=\"page\">\n\t\t\t\t<div class=\"elementor-element elementor-element-8cb0c2e e-flex e-con-boxed e-con e-parent\" data-id=\"8cb0c2e\" data-element_type=\"container\" data-e-type=\"container\" data-settings=\"{&quot;background_background&quot;:&quot;classic&quot;}\">\n\t\t\t\t\t<div class=\"e-con-inner\">\n\t\t\t\t\t<\/div>\n\t\t\t\t<\/div>\n\t\t\t\t<section class=\"elementor-section elementor-top-section elementor-element elementor-element-9ba88db elementor-section-height-min-height elementor-section-items-bottom elementor-section-content-middle elementor-section-boxed elementor-section-height-default\" data-id=\"9ba88db\" data-element_type=\"section\" data-e-type=\"section\" data-settings=\"{&quot;background_background&quot;:&quot;classic&quot;}\">\n\t\t\t\t\t\t<div class=\"elementor-container elementor-column-gap-default\">\n\t\t\t\t\t<div class=\"elementor-column elementor-col-14 elementor-top-column elementor-element elementor-element-13262e8\" data-id=\"13262e8\" data-element_type=\"column\" data-e-type=\"column\">\n\t\t\t<div class=\"elementor-widget-wrap elementor-element-populated\">\n\t\t\t\t\t\t<div class=\"elementor-element elementor-element-a7afc1c elementor-widget elementor-widget-image\" data-id=\"a7afc1c\" data-element_type=\"widget\" data-e-type=\"widget\" data-widget_type=\"image.default\">\n\t\t\t\t<div class=\"elementor-widget-container\">\n\t\t\t\t\t\t\t\t\t\t\t\t\t\t\t\t<a href=\"https:\/\/www.grandraid-cathares.fr\/index.php\/grand-raid-des-cathares\/\">\n\t\t\t\t\t\t\t<img decoding=\"async\" width=\"150\" height=\"150\" src=\"https:\/\/www.grandraid-cathares.fr\/wp-content\/uploads\/2025\/11\/logo-anneau-couleur-GRC-2026-150x150.png\" class=\"elementor-animation-grow attachment-thumbnail size-thumbnail wp-image-6886\" alt=\"\" srcset=\"https:\/\/www.grandraid-cathares.fr\/wp-content\/uploads\/2025\/11\/logo-anneau-couleur-GRC-2026-150x150.png 150w, https:\/\/www.grandraid-cathares.fr\/wp-content\/uploads\/2025\/11\/logo-anneau-couleur-GRC-2026-300x300.png 300w, https:\/\/www.grandraid-cathares.fr\/wp-content\/uploads\/2025\/11\/logo-anneau-couleur-GRC-2026.png 600w\" sizes=\"(max-width: 150px) 100vw, 150px\" \/>\t\t\t\t\t\t\t\t<\/a>\n\t\t\t\t\t\t\t\t\t\t\t\t\t\t\t<\/div>\n\t\t\t\t<\/div>\n\t\t\t\t\t<\/div>\n\t\t<\/div>\n\t\t\t\t<div class=\"elementor-column elementor-col-14 elementor-top-column elementor-element elementor-element-5093cba\" data-id=\"5093cba\" data-element_type=\"column\" data-e-type=\"column\">\n\t\t\t<div class=\"elementor-widget-wrap elementor-element-populated\">\n\t\t\t\t\t\t<div class=\"elementor-element elementor-element-00e10e5 elementor-widget elementor-widget-image\" data-id=\"00e10e5\" data-element_type=\"widget\" data-e-type=\"widget\" data-widget_type=\"image.default\">\n\t\t\t\t<div class=\"elementor-widget-container\">\n\t\t\t\t\t\t\t\t\t\t\t\t\t\t\t\t<a href=\"https:\/\/www.grandraid-cathares.fr\/index.php\/raid-des-bogomiles\/\">\n\t\t\t\t\t\t\t<img decoding=\"async\" width=\"150\" height=\"150\" src=\"https:\/\/www.grandraid-cathares.fr\/wp-content\/uploads\/2025\/11\/logo-anneau-couleur-RB-2026-150x150.png\" class=\"elementor-animation-grow attachment-thumbnail size-thumbnail wp-image-6888\" alt=\"\" srcset=\"https:\/\/www.grandraid-cathares.fr\/wp-content\/uploads\/2025\/11\/logo-anneau-couleur-RB-2026-150x150.png 150w, https:\/\/www.grandraid-cathares.fr\/wp-content\/uploads\/2025\/11\/logo-anneau-couleur-RB-2026-300x300.png 300w, https:\/\/www.grandraid-cathares.fr\/wp-content\/uploads\/2025\/11\/logo-anneau-couleur-RB-2026.png 600w\" sizes=\"(max-width: 150px) 100vw, 150px\" \/>\t\t\t\t\t\t\t\t<\/a>\n\t\t\t\t\t\t\t\t\t\t\t\t\t\t\t<\/div>\n\t\t\t\t<\/div>\n\t\t\t\t\t<\/div>\n\t\t<\/div>\n\t\t\t\t<div class=\"elementor-column elementor-col-14 elementor-top-column elementor-element elementor-element-25f1659\" data-id=\"25f1659\" data-element_type=\"column\" data-e-type=\"column\">\n\t\t\t<div class=\"elementor-widget-wrap elementor-element-populated\">\n\t\t\t\t\t\t<div class=\"elementor-element elementor-element-2bdc23b elementor-widget elementor-widget-image\" data-id=\"2bdc23b\" data-element_type=\"widget\" data-e-type=\"widget\" data-widget_type=\"image.default\">\n\t\t\t\t<div class=\"elementor-widget-container\">\n\t\t\t\t\t\t\t\t\t\t\t\t\t\t\t\t<a href=\"https:\/\/www.grandraid-cathares.fr\/index.php\/trail-des-heretiques\/\">\n\t\t\t\t\t\t\t<img decoding=\"async\" width=\"150\" height=\"150\" src=\"https:\/\/www.grandraid-cathares.fr\/wp-content\/uploads\/2025\/11\/logo-anneau-couleur-GTT-2026-150x150.png\" class=\"elementor-animation-grow attachment-thumbnail size-thumbnail wp-image-6887\" alt=\"\" srcset=\"https:\/\/www.grandraid-cathares.fr\/wp-content\/uploads\/2025\/11\/logo-anneau-couleur-GTT-2026-150x150.png 150w, https:\/\/www.grandraid-cathares.fr\/wp-content\/uploads\/2025\/11\/logo-anneau-couleur-GTT-2026-300x300.png 300w, https:\/\/www.grandraid-cathares.fr\/wp-content\/uploads\/2025\/11\/logo-anneau-couleur-GTT-2026.png 600w\" sizes=\"(max-width: 150px) 100vw, 150px\" \/>\t\t\t\t\t\t\t\t<\/a>\n\t\t\t\t\t\t\t\t\t\t\t\t\t\t\t<\/div>\n\t\t\t\t<\/div>\n\t\t\t\t\t<\/div>\n\t\t<\/div>\n\t\t\t\t<div class=\"elementor-column elementor-col-14 elementor-top-column elementor-element elementor-element-ac35091\" data-id=\"ac35091\" data-element_type=\"column\" data-e-type=\"column\">\n\t\t\t<div class=\"elementor-widget-wrap elementor-element-populated\">\n\t\t\t\t\t\t<div class=\"elementor-element elementor-element-1254d43 elementor-widget elementor-widget-image\" data-id=\"1254d43\" data-element_type=\"widget\" data-e-type=\"widget\" data-widget_type=\"image.default\">\n\t\t\t\t<div class=\"elementor-widget-container\">\n\t\t\t\t\t\t\t\t\t\t\t\t\t\t\t\t<a href=\"https:\/\/www.grandraid-cathares.fr\/index.php\/trail-des-heretiques\/\">\n\t\t\t\t\t\t\t<img loading=\"lazy\" decoding=\"async\" width=\"150\" height=\"150\" src=\"https:\/\/www.grandraid-cathares.fr\/wp-content\/uploads\/2025\/11\/logo-anneau-couleur-TH-2026-150x150.png\" class=\"elementor-animation-grow attachment-thumbnail size-thumbnail wp-image-6889\" alt=\"\" srcset=\"https:\/\/www.grandraid-cathares.fr\/wp-content\/uploads\/2025\/11\/logo-anneau-couleur-TH-2026-150x150.png 150w, https:\/\/www.grandraid-cathares.fr\/wp-content\/uploads\/2025\/11\/logo-anneau-couleur-TH-2026-300x300.png 300w, https:\/\/www.grandraid-cathares.fr\/wp-content\/uploads\/2025\/11\/logo-anneau-couleur-TH-2026.png 600w\" sizes=\"(max-width: 150px) 100vw, 150px\" \/>\t\t\t\t\t\t\t\t<\/a>\n\t\t\t\t\t\t\t\t\t\t\t\t\t\t\t<\/div>\n\t\t\t\t<\/div>\n\t\t\t\t\t<\/div>\n\t\t<\/div>\n\t\t\t\t<div class=\"elementor-column elementor-col-14 elementor-top-column elementor-element elementor-element-51b555e\" data-id=\"51b555e\" data-element_type=\"column\" data-e-type=\"column\">\n\t\t\t<div class=\"elementor-widget-wrap elementor-element-populated\">\n\t\t\t\t\t\t<div class=\"elementor-element elementor-element-975c4ac elementor-widget elementor-widget-image\" data-id=\"975c4ac\" data-element_type=\"widget\" data-e-type=\"widget\" data-widget_type=\"image.default\">\n\t\t\t\t<div class=\"elementor-widget-container\">\n\t\t\t\t\t\t\t\t\t\t\t\t\t\t\t\t<a href=\"https:\/\/www.grandraid-cathares.fr\/index.php\/trail-des-colombes\/\">\n\t\t\t\t\t\t\t<img loading=\"lazy\" decoding=\"async\" width=\"150\" height=\"150\" src=\"https:\/\/www.grandraid-cathares.fr\/wp-content\/uploads\/2025\/11\/logo_anneau_couleur_TC-2026-150x150.png\" class=\"elementor-animation-grow attachment-thumbnail size-thumbnail wp-image-6891\" alt=\"\" srcset=\"https:\/\/www.grandraid-cathares.fr\/wp-content\/uploads\/2025\/11\/logo_anneau_couleur_TC-2026-150x150.png 150w, https:\/\/www.grandraid-cathares.fr\/wp-content\/uploads\/2025\/11\/logo_anneau_couleur_TC-2026-300x300.png 300w, https:\/\/www.grandraid-cathares.fr\/wp-content\/uploads\/2025\/11\/logo_anneau_couleur_TC-2026.png 600w\" sizes=\"(max-width: 150px) 100vw, 150px\" \/>\t\t\t\t\t\t\t\t<\/a>\n\t\t\t\t\t\t\t\t\t\t\t\t\t\t\t<\/div>\n\t\t\t\t<\/div>\n\t\t\t\t\t<\/div>\n\t\t<\/div>\n\t\t\t\t<div class=\"elementor-column elementor-col-14 elementor-top-column elementor-element elementor-element-b7ae46b\" data-id=\"b7ae46b\" data-element_type=\"column\" data-e-type=\"column\">\n\t\t\t<div class=\"elementor-widget-wrap elementor-element-populated\">\n\t\t\t\t\t\t<div class=\"elementor-element elementor-element-3fcb9ae elementor-widget elementor-widget-image\" data-id=\"3fcb9ae\" data-element_type=\"widget\" data-e-type=\"widget\" data-widget_type=\"image.default\">\n\t\t\t\t<div class=\"elementor-widget-container\">\n\t\t\t\t\t\t\t\t\t\t\t\t\t\t\t\t<a href=\"https:\/\/www.grandraid-cathares.fr\/index.php\/trail-des-patarins\/\">\n\t\t\t\t\t\t\t<img loading=\"lazy\" decoding=\"async\" width=\"150\" height=\"150\" src=\"https:\/\/www.grandraid-cathares.fr\/wp-content\/uploads\/2025\/11\/Logo-anneau-couleur-TP-2026-150x150.png\" class=\"elementor-animation-grow attachment-thumbnail size-thumbnail wp-image-6904\" alt=\"\" srcset=\"https:\/\/www.grandraid-cathares.fr\/wp-content\/uploads\/2025\/11\/Logo-anneau-couleur-TP-2026-150x150.png 150w, https:\/\/www.grandraid-cathares.fr\/wp-content\/uploads\/2025\/11\/Logo-anneau-couleur-TP-2026-300x300.png 300w, https:\/\/www.grandraid-cathares.fr\/wp-content\/uploads\/2025\/11\/Logo-anneau-couleur-TP-2026.png 600w\" sizes=\"(max-width: 150px) 100vw, 150px\" \/>\t\t\t\t\t\t\t\t<\/a>\n\t\t\t\t\t\t\t\t\t\t\t\t\t\t\t<\/div>\n\t\t\t\t<\/div>\n\t\t\t\t\t<\/div>\n\t\t<\/div>\n\t\t\t\t<div class=\"elementor-column elementor-col-14 elementor-top-column elementor-element elementor-element-9b68822\" data-id=\"9b68822\" data-element_type=\"column\" data-e-type=\"column\">\n\t\t\t<div class=\"elementor-widget-wrap elementor-element-populated\">\n\t\t\t\t\t\t<div class=\"elementor-element elementor-element-2da6a1e elementor-widget elementor-widget-image\" data-id=\"2da6a1e\" data-element_type=\"widget\" data-e-type=\"widget\" data-widget_type=\"image.default\">\n\t\t\t\t<div class=\"elementor-widget-container\">\n\t\t\t\t\t\t\t\t\t\t\t\t\t\t\t\t<a href=\"https:\/\/www.grandraid-cathares.fr\/index.php\/trail-nocturne-du-chateau-comtal\/\">\n\t\t\t\t\t\t\t<img loading=\"lazy\" decoding=\"async\" width=\"150\" height=\"150\" src=\"https:\/\/www.grandraid-cathares.fr\/wp-content\/uploads\/2025\/11\/logo-anneau-couleur-TNCC-2026-150x150.png\" class=\"elementor-animation-grow attachment-thumbnail size-thumbnail wp-image-6890\" alt=\"\" srcset=\"https:\/\/www.grandraid-cathares.fr\/wp-content\/uploads\/2025\/11\/logo-anneau-couleur-TNCC-2026-150x150.png 150w, https:\/\/www.grandraid-cathares.fr\/wp-content\/uploads\/2025\/11\/logo-anneau-couleur-TNCC-2026-300x300.png 300w, https:\/\/www.grandraid-cathares.fr\/wp-content\/uploads\/2025\/11\/logo-anneau-couleur-TNCC-2026.png 600w\" sizes=\"(max-width: 150px) 100vw, 150px\" \/>\t\t\t\t\t\t\t\t<\/a>\n\t\t\t\t\t\t\t\t\t\t\t\t\t\t\t<\/div>\n\t\t\t\t<\/div>\n\t\t\t\t\t<\/div>\n\t\t<\/div>\n\t\t\t\t\t<\/div>\n\t\t<\/section>\n\t\t\t\t<main class=\"elementor-section elementor-top-section elementor-element elementor-element-e805088 elementor-section-content-middle elementor-section-boxed elementor-section-height-default elementor-section-height-default\" data-id=\"e805088\" data-element_type=\"section\" data-e-type=\"section\">\n\t\t\t\t\t\t<div class=\"elementor-container elementor-column-gap-wider\">\n\t\t\t\t\t<div class=\"elementor-column elementor-col-50 elementor-top-column elementor-element elementor-element-e2cf33d\" data-id=\"e2cf33d\" data-element_type=\"column\" data-e-type=\"column\">\n\t\t\t<div class=\"elementor-widget-wrap elementor-element-populated\">\n\t\t\t\t\t\t<div class=\"elementor-element elementor-element-04502a1 elementor-widget elementor-widget-image\" data-id=\"04502a1\" data-element_type=\"widget\" data-e-type=\"widget\" data-widget_type=\"image.default\">\n\t\t\t\t<div class=\"elementor-widget-container\">\n\t\t\t\t\t\t\t\t\t\t\t\t\t\t\t<img loading=\"lazy\" decoding=\"async\" width=\"800\" height=\"534\" src=\"https:\/\/www.grandraid-cathares.fr\/wp-content\/uploads\/2025\/01\/\u00a9cyrille-quintard-GRC-2024-CQR54902-1024x683.jpg\" class=\"attachment-large size-large wp-image-5193\" alt=\"\" srcset=\"https:\/\/www.grandraid-cathares.fr\/wp-content\/uploads\/2025\/01\/\u00a9cyrille-quintard-GRC-2024-CQR54902-1024x683.jpg 1024w, https:\/\/www.grandraid-cathares.fr\/wp-content\/uploads\/2025\/01\/\u00a9cyrille-quintard-GRC-2024-CQR54902-300x200.jpg 300w, https:\/\/www.grandraid-cathares.fr\/wp-content\/uploads\/2025\/01\/\u00a9cyrille-quintard-GRC-2024-CQR54902-768x512.jpg 768w, https:\/\/www.grandraid-cathares.fr\/wp-content\/uploads\/2025\/01\/\u00a9cyrille-quintard-GRC-2024-CQR54902-1536x1025.jpg 1536w, https:\/\/www.grandraid-cathares.fr\/wp-content\/uploads\/2025\/01\/\u00a9cyrille-quintard-GRC-2024-CQR54902-2048x1366.jpg 2048w\" sizes=\"(max-width: 800px) 100vw, 800px\" \/>\t\t\t\t\t\t\t\t\t\t\t\t\t\t\t<\/div>\n\t\t\t\t<\/div>\n\t\t\t\t\t<\/div>\n\t\t<\/div>\n\t\t\t\t<div class=\"elementor-column elementor-col-50 elementor-top-column elementor-element elementor-element-30629ba\" data-id=\"30629ba\" data-element_type=\"column\" data-e-type=\"column\">\n\t\t\t<div class=\"elementor-widget-wrap elementor-element-populated\">\n\t\t\t\t\t\t<div class=\"elementor-element elementor-element-1644885 elementor-widget elementor-widget-heading\" data-id=\"1644885\" data-element_type=\"widget\" data-e-type=\"widget\" data-widget_type=\"heading.default\">\n\t\t\t\t<div class=\"elementor-widget-container\">\n\t\t\t\t\t<h2 class=\"elementor-heading-title elementor-size-default\">DATES D'INSCRIPTIONS <\/h2>\t\t\t\t<\/div>\n\t\t\t\t<\/div>\n\t\t\t\t<div class=\"elementor-element elementor-element-d17d095 elementor-widget elementor-widget-text-editor\" data-id=\"d17d095\" data-element_type=\"widget\" data-e-type=\"widget\" data-widget_type=\"text-editor.default\">\n\t\t\t\t<div class=\"elementor-widget-container\">\n\t\t\t\t\t\t\t\t\t<p><strong>Les inscriptions ouvrent le 26 Mars 2026 \u00e0 12 heures. Celles-ci fermeront le 26 Septembre 2026.\u00a0<\/strong><\/p>\t\t\t\t\t\t\t\t<\/div>\n\t\t\t\t<\/div>\n\t\t\t\t\t<\/div>\n\t\t<\/div>\n\t\t\t\t\t<\/div>\n\t\t<\/main>\n\t\t<div class=\"elementor-element elementor-element-1a7d58f e-flex e-con-boxed e-con e-parent\" data-id=\"1a7d58f\" data-element_type=\"container\" data-e-type=\"container\">\n\t\t\t\t\t<div class=\"e-con-inner\">\n\t\t\t\t<div class=\"elementor-element elementor-element-2b5350c elementor-widget elementor-widget-heading\" data-id=\"2b5350c\" data-element_type=\"widget\" data-e-type=\"widget\" data-widget_type=\"heading.default\">\n\t\t\t\t<div class=\"elementor-widget-container\">\n\t\t\t\t\t<h2 class=\"elementor-heading-title elementor-size-default\"><i>TARIFS DES INSCRIPTIONS <\/i><\/h2>\t\t\t\t<\/div>\n\t\t\t\t<\/div>\n\t\t\t\t<div class=\"elementor-element elementor-element-dbe9725 elementor-widget elementor-widget-text-editor\" data-id=\"dbe9725\" data-element_type=\"widget\" data-e-type=\"widget\" data-widget_type=\"text-editor.default\">\n\t\t\t\t<div class=\"elementor-widget-container\">\n\t\t\t\t\t\t\t\t\t<p><span data-contrast=\"auto\">Les tarifs sont d\u00e9finis pour les diff\u00e9rentes courses et augmentent de fa\u00e7on progressive en fonction d&#8217;un nombre de dossards d\u00e9termin\u00e9 et de p\u00e9riodes d\u00e9finies.<\/span><\/p><p><b><span data-contrast=\"auto\">Pour <a href=\"https:\/\/www.grandraid-cathares.fr\/index.php\/grand-raid-des-cathares\/\" target=\"_blank\" rel=\"noopener\">Le Grand Raid des Cathares :<\/a><\/span><\/b><span data-contrast=\"auto\"> 50 dossards seront r\u00e9serv\u00e9s au tarif privil\u00e9gi\u00e9 n\u00b01, 50 dossards au tarif privil\u00e9gi\u00e9 n\u00b02 puis le tarif normal sera appliqu\u00e9. Voir le r\u00e8glement. Les tarifs sont aussi divis\u00e9s en 3 p\u00e9riodes : du <strong>26\/03\/26 au 26\/05\/26,<\/strong> du <strong>27\/05\/26\/ au 26\/07\/26<\/strong> et du <strong>27\/07\/26 au 26\/09\/26.<\/strong><\/span><\/p><p><b><span data-contrast=\"auto\">Pour <a href=\"https:\/\/www.grandraid-cathares.fr\/index.php\/raid-des-bogomiles\/\" target=\"_blank\" rel=\"noopener\">Le Raid des Bogomiles<\/a> :<\/span><\/b><span data-contrast=\"auto\"> 50 dossards seront r\u00e9serv\u00e9s au tarif privil\u00e9gi\u00e9 n\u00b01, 50 dossards au tarif privil\u00e9gi\u00e9 n\u00b02 puis le tarif normal sera appliqu\u00e9. Voir le r\u00e8glement. Les tarifs sont aussi divis\u00e9s en 3 p\u00e9riodes : du\u00a0<span style=\"font-weight: bolder;\">26\/03\/26 au 26\/05\/26,<\/span>\u00a0du\u00a0<span style=\"font-weight: bolder;\">27\/05\/26\/ au 26\/07\/26<\/span>\u00a0et du\u00a0<span style=\"font-weight: bolder;\">27\/07\/26 au 26\/09\/26<\/span><strong>.<\/strong><\/span><\/p><p><b><span data-contrast=\"auto\">Pour <a href=\"https:\/\/www.grandraid-cathares.fr\/index.php\/raid-des-bogomiles\/\" target=\"_blank\" rel=\"noopener\">Le Raid des Troubadours<\/a> :<\/span><\/b><span data-contrast=\"auto\"> 50 dossards seront r\u00e9serv\u00e9s au tarif privil\u00e9gi\u00e9 n\u00b01, 50 dossards au tarif privil\u00e9gi\u00e9 n\u00b02 puis le tarif normal sera appliqu\u00e9. Voir le r\u00e8glement. Les tarifs sont aussi divis\u00e9s en 3 p\u00e9riodes : du\u00a0<span style=\"font-weight: bolder;\">26\/03\/26 au 26\/05\/26,<\/span>\u00a0du\u00a0<span style=\"font-weight: bolder;\">27\/05\/26\/ au 26\/07\/26<\/span>\u00a0et du\u00a0<span style=\"font-weight: bolder;\">27\/07\/26 au 26\/09\/26<\/span><strong>.<\/strong><\/span><\/p><p><b><span data-contrast=\"auto\">Pour Le <a href=\"https:\/\/www.grandraid-cathares.fr\/index.php\/trail-des-heretiques\/\" target=\"_blank\" rel=\"noopener\">Trail des H\u00e9r\u00e9tiques <\/a><\/span><\/b><span data-contrast=\"auto\">: 50 dossards seront r\u00e9serv\u00e9s au tarif privil\u00e9gi\u00e9 n\u00b01, 50 dossards au tarif privil\u00e9gi\u00e9 n\u00b02 puis le tarif normal sera appliqu\u00e9. Voir le r\u00e8glement. Les tarifs sont aussi divis\u00e9s en 3 p\u00e9riodes successives : du\u00a0<span style=\"font-weight: bolder;\">26\/03\/26 au 26\/05\/26,<\/span>\u00a0du\u00a0<span style=\"font-weight: bolder;\">27\/05\/26\/ au 26\/07\/26<\/span>\u00a0et du\u00a0<span style=\"font-weight: bolder;\">27\/07\/26 au 26\/09\/26<\/span><strong>.<\/strong><\/span><\/p><p><b><span data-contrast=\"auto\">Pour Le <a href=\"https:\/\/www.grandraid-cathares.fr\/index.php\/trail-des-colombes\/\" target=\"_blank\" rel=\"noopener\">Trail des colombes<\/a><\/span><\/b><span data-contrast=\"auto\">: 75 dossards seront r\u00e9serv\u00e9s au tarif privil\u00e9gi\u00e9 n\u00b01, 75 dossards au tarif privil\u00e9gi\u00e9 n\u00b02 puis le tarif normal sera appliqu\u00e9. Voir le r\u00e8glement. Les tarifs sont aussi divis\u00e9s en 3 p\u00e9riodes successives<\/span><span data-contrast=\"auto\"> : du\u00a0<span style=\"font-weight: bolder;\">26\/03\/26 au 26\/05\/26,<\/span>\u00a0du\u00a0<span style=\"font-weight: bolder;\">27\/05\/26\/ au 26\/07\/26<\/span>\u00a0et du\u00a0<span style=\"font-weight: bolder;\">27\/07\/26 au 26\/09\/26<\/span><strong>5.<\/strong><\/span><\/p><p><b><span data-contrast=\"auto\">Pour <a href=\"https:\/\/www.grandraid-cathares.fr\/index.php\/trail-des-patarins\/\" target=\"_blank\" rel=\"noopener\">Le Trail des Patarins :<\/a><\/span><\/b><span data-contrast=\"auto\"> 75 dossards seront r\u00e9serv\u00e9s au tarif privil\u00e9gi\u00e9 n\u00b01, 75 dossards au tarif privil\u00e9gi\u00e9 n\u00b02 puis le tarif normal sera appliqu\u00e9. Voir le r\u00e8glement. Les tarifs sont aussi divis\u00e9s en 3 p\u00e9riodes successives : du\u00a0<span style=\"font-weight: bolder;\">26\/03\/26 au 26\/05\/26,<\/span>\u00a0du\u00a0<span style=\"font-weight: bolder;\">27\/05\/26\/ au 26\/07\/26<\/span>\u00a0et du\u00a0<span style=\"font-weight: bolder;\">27\/07\/26 au 26\/09\/26<\/span><strong>.<\/strong><\/span><\/p><p><b><span data-contrast=\"auto\">Pour <a href=\"https:\/\/www.grandraid-cathares.fr\/index.php\/trail-nocturne-du-chateau-comtal\/\" target=\"_blank\" rel=\"noopener\">Le Trail Nocturne du Ch\u00e2teau Comtal :<\/a><\/span><\/b><span data-contrast=\"auto\"> 75 dossards seront r\u00e9serv\u00e9s au tarif privil\u00e9gi\u00e9 n\u00b01, 75 dossards au tarif privil\u00e9gi\u00e9 n\u00b02 puis le tarif normal sera appliqu\u00e9. Voir le r\u00e8glement. Les tarifs sont aussi divis\u00e9s en 3 p\u00e9riodes successives : du\u00a0<span style=\"font-weight: bolder;\">26\/03\/26 au 26\/05\/26,<\/span>\u00a0du\u00a0<span style=\"font-weight: bolder;\">27\/05\/26\/ au 26\/07\/26<\/span>\u00a0et du\u00a0<span style=\"font-weight: bolder;\">27\/07\/26 au 26\/09\/26<\/span><strong>.<\/strong><\/span><\/p><p><span data-contrast=\"auto\"><strong>Exemple<\/strong> : Pour<a href=\"https:\/\/www.grandraid-cathares.fr\/index.php\/grand-raid-des-cathares\/\" target=\"_blank\" rel=\"noopener\"> le Grand Raid des Cathares<\/a> les 50 premiers inscrits jusqu&#8217;au 26\/06 profiteront du tarif n\u00b01. Cependant. Si avant le 27\/06, les 50 dossards sont vendus, alors c&#8217;est le second tarif qui s&#8217;applique. Ce syst\u00e8me s&#8217;applique pour tous les dossards. Il y a donc 2 crit\u00e8res qui d\u00e9finissent le tarif pay\u00e9. Le num\u00e9ro du dossard, et la p\u00e9riode \u00e0 laquelle vous l&#8217;achetez.\u00a0<\/span><\/p><p>L&#8217;assurance disponible sur chaque course, n&#8217;est pas obligatoire. Voir le r\u00e8glement.<\/p>\t\t\t\t\t\t\t\t<\/div>\n\t\t\t\t<\/div>\n\t\t\t\t<div class=\"elementor-element elementor-element-e6be55f elementor-widget elementor-widget-heading\" data-id=\"e6be55f\" data-element_type=\"widget\" data-e-type=\"widget\" data-widget_type=\"heading.default\">\n\t\t\t\t<div class=\"elementor-widget-container\">\n\t\t\t\t\t<h2 class=\"elementor-heading-title elementor-size-default\"><i>MODALIT\u00c9S D'INSCRIPTIONS <\/i><\/h2>\t\t\t\t<\/div>\n\t\t\t\t<\/div>\n\t\t\t\t<div class=\"elementor-element elementor-element-6a8f21c elementor-widget elementor-widget-text-editor\" data-id=\"6a8f21c\" data-element_type=\"widget\" data-e-type=\"widget\" data-widget_type=\"text-editor.default\">\n\t\t\t\t<div class=\"elementor-widget-container\">\n\t\t\t\t\t\t\t\t\t<div><p>Pour vous inscrire, il vous faut soit :\u00a0<\/p><ul><li><span style=\"background-color: transparent; font-family: var( --e-global-typography-text-font-family ), Sans-serif; font-weight: var( --e-global-typography-text-font-weight ); text-align: var(--text-align);\">Un PPS (Parcours Pr\u00e9vention Sant\u00e9) qui remplace le Certificat m\u00e9dical, mis en place par la FFA et qui est valable 1 an. Vous pourrez donc le faire d\u00e8s votre inscription via ce lien : <a href=\"https:\/\/pps.athle.fr\/\" target=\"_blank\" rel=\"noopener\">pps.athle.fr\/<\/a><\/span><\/li><li>Une licence FFA valide au moment de la course.<\/li><\/ul><p>Pour les courses suivantes, il faut que vous soyez \u00e2g\u00e9s de minimum <strong>20 ans le jour du d\u00e9part de la course.<\/strong>\u00a0<\/p><ul><li>Grand Raid des Cathares\u00a0<\/li><li>Raid des Bogomiles<\/li><li>Raid des Troubadours<\/li><li>Trail des H\u00e9r\u00e9tiques\u00a0<\/li><li>Trail des Colombes<\/li><\/ul><p>Pour le Trail des Patarins vous devez \u00eatre \u00e2g\u00e9s de <strong>minimum 18 ans.<\/strong><\/p><p>Pour le Trail Nocturne du Ch\u00e2teau Comtal, vous devez \u00eatre \u00e2g\u00e9s de <strong>minimum 16 ans.<\/strong> Pour les mineurs, une autorisation parentale est <strong>OBLIGATOIRE<\/strong>.\u00a0<\/p><\/div>\t\t\t\t\t\t\t\t<\/div>\n\t\t\t\t<\/div>\n\t\t\t\t<div class=\"elementor-element elementor-element-f9f4cd7 elementor-widget elementor-widget-heading\" data-id=\"f9f4cd7\" data-element_type=\"widget\" data-e-type=\"widget\" data-widget_type=\"heading.default\">\n\t\t\t\t<div class=\"elementor-widget-container\">\n\t\t\t\t\t<h2 class=\"elementor-heading-title elementor-size-default\"><i>Remise des dossards<\/i><\/h2>\t\t\t\t<\/div>\n\t\t\t\t<\/div>\n\t\t\t\t<div class=\"elementor-element elementor-element-f5190bc elementor-widget elementor-widget-text-editor\" data-id=\"f5190bc\" data-element_type=\"widget\" data-e-type=\"widget\" data-widget_type=\"text-editor.default\">\n\t\t\t\t<div class=\"elementor-widget-container\">\n\t\t\t\t\t\t\t\t\t<p>Pour la remise des dossards :<\/p><p>Vous devez avoir votre dossier complet et \u00e0 jour des documents ( PPS-Licence)<\/p><p>Si une autre personne doit r\u00e9cup\u00e9rer le dossard \u00e0 votre place, il lui faudra une procuration a t\u00e9l\u00e9charger et remplir avant : <a href=\"https:\/\/www.grandraid-cathares.fr\/wp-content\/uploads\/2026\/03\/procuration-GRC-2026.pdf\" target=\"_blank\" rel=\"noopener\">procuration 2026<\/a><a href=\"https:\/\/www.grandraid-cathares.fr\/wp-content\/uploads\/2026\/03\/procuration-GRC-2026.pdf\" target=\"_blank\" rel=\"noopener\">\u00a0<\/a><\/p><p>Vous devrez arriver avec votre d\u00e9charge pour le mat\u00e9riel obligatoire :\u00a0<\/p><p>Lien de la d\u00e9charge : <span class=\"html-span xdj266r x11i5rnm xat24cr x1mh8g0r xexx8yu x4uap5 x18d9i69 xkhd6sd x1hl2dhg x16tdsg8 x1vvkbs\"><a class=\"x1i10hfl xjbqb8w x1ejq31n xd10rxx x1sy0etr x17r0tee x972fbf xcfux6l x1qhh985 xm0m39n x9f619 x1ypdohk xt0psk2 xe8uvvx xdj266r x11i5rnm xat24cr x1mh8g0r xexx8yu x4uap5 x18d9i69 xkhd6sd x16tdsg8 x1hl2dhg xggy1nq x1a2a7pz x1sur9pj xkrqix3 x1fey0fg x1s688f\" tabindex=\"0\" role=\"link\" href=\"https:\/\/www.grandraid-cathares.fr\/wp-content\/uploads\/2026\/01\/decharge_materiel_obligatoire.pdf\" target=\"_blank\" rel=\"nofollow noopener\">d\u00e9charge mat\u00e9riel obligatoire<\/a><\/span><\/p><div dir=\"auto\">La remise des dossards se d\u00e9roulera \u00e0 la salle du D\u00f4me.<\/div><div dir=\"auto\">Article 7-1 : Horaires<\/div><div dir=\"auto\"><ul><li><b><span data-contrast=\"auto\">Grand Raid des Cathare<\/span><\/b><span data-contrast=\"auto\">s : <\/span><br \/><span data-contrast=\"auto\">Le jeudi 22\/10\/26 de 12h00 \u00e0 20h<\/span><\/li><li><b><span data-contrast=\"auto\">Raid des Bogomiles<\/span><\/b><span data-contrast=\"auto\"> : <\/span>\u00a0<br \/><span data-contrast=\"auto\">Le jeudi 22\/10\/26 de 12h00 \u00e0 20h00 et le vendredi 23\/10\/25 de 7h00 \u00e0 8h30<\/span><\/li><li><b><span data-contrast=\"auto\">Raid des Troubadours<\/span><\/b><span data-contrast=\"auto\">: <\/span>\u00a0<br \/><span data-contrast=\"auto\">Le jeudi 22\/10\/26 de 12h00 \u00e0 20h00 et le vendredi 23\/10\/25 de 7h00 \u00e0 9h30<\/span><\/li><li><b><span data-contrast=\"auto\">Trail des H\u00e9r\u00e9tiques<\/span><\/b><span data-contrast=\"auto\"> : <\/span>\u00a0<br \/><span data-contrast=\"auto\">Le jeudi 22\/10\/26 de 12h \u00e0 20h et le vendredi 23\/10\/26 de 11h00 \u00e0 23h00<\/span><\/li><li><b><span data-contrast=\"auto\">Trail des Colombes<\/span><\/b><span data-contrast=\"auto\"> : <\/span>\u00a0<br \/><span data-contrast=\"auto\">Le jeudi 22\/10\/26 de 12h \u00e0 23h et le vendredi 23\/10\/26 de 13h00 \u00e0 23h00<\/span>\u00a0<\/li><li><b><span data-contrast=\"auto\">Trail des Patarins<\/span><\/b><span data-contrast=\"auto\"> : <\/span><br \/><span data-contrast=\"auto\">Le jeudi 22\/10\/26 de 12h \u00e0 20h et le vendredi 23\/10\/26 de 11h \u00e0 13h<\/span><\/li><li><b><span data-contrast=\"auto\">Trail nocturne du ch\u00e2teau comtal<\/span><\/b><span data-contrast=\"auto\"> : <\/span>\u00a0<br \/><span data-contrast=\"auto\">Le jeudi 22\/10\/26 de 12h \u00e0 20h et le vendredi 23\/10\/26 de 11h00 \u00e0 19h30<\/span><span data-ccp-props=\"{&quot;134233117&quot;:true,&quot;134233118&quot;:true,&quot;201341983&quot;:0,&quot;335559739&quot;:160,&quot;335559740&quot;:240}\">\u00a0<\/span><\/li><\/ul><\/div>\t\t\t\t\t\t\t\t<\/div>\n\t\t\t\t<\/div>\n\t\t\t\t\t<\/div>\n\t\t\t\t<\/div>\n\t\t\t\t<main class=\"elementor-section elementor-top-section elementor-element elementor-element-686fb12 elementor-section-content-middle elementor-section-boxed elementor-section-height-default elementor-section-height-default\" data-id=\"686fb12\" data-element_type=\"section\" data-e-type=\"section\">\n\t\t\t\t\t\t<div class=\"elementor-container elementor-column-gap-wider\">\n\t\t\t\t\t<div class=\"elementor-column elementor-col-50 elementor-top-column elementor-element elementor-element-d98f96f\" data-id=\"d98f96f\" data-element_type=\"column\" data-e-type=\"column\">\n\t\t\t<div class=\"elementor-widget-wrap elementor-element-populated\">\n\t\t\t\t\t\t<div class=\"elementor-element elementor-element-c82263c elementor-widget elementor-widget-heading\" data-id=\"c82263c\" data-element_type=\"widget\" data-e-type=\"widget\" data-widget_type=\"heading.default\">\n\t\t\t\t<div class=\"elementor-widget-container\">\n\t\t\t\t\t<h3 class=\"elementor-heading-title elementor-size-default\"><i>Grand Raid des Cathares<\/i><\/h3>\t\t\t\t<\/div>\n\t\t\t\t<\/div>\n\t\t\t\t<div class=\"elementor-element elementor-element-9f0a4e9 elementor-widget elementor-widget-text-editor\" data-id=\"9f0a4e9\" data-element_type=\"widget\" data-e-type=\"widget\" data-widget_type=\"text-editor.default\">\n\t\t\t\t<div class=\"elementor-widget-container\">\n\t\t\t\t\t\t\t\t\t<p>Course limit\u00e9e \u00e0 260 participants.\u00a0<\/p><ul><li>Groupe tarif 1 : inscrit jusqu&#8217;au 26 mai 2026 (inclut) , ou les 50 premiers dossards : 209 \u20ac<\/li><li>Groupe tarif 2 : inscrit jusqu&#8217;au 26 juillet 2026 (inclut), ou les 50 dossards suivant : 219 \u20ac<\/li><li>Groupe tarif 3 : inscrit jusqu&#8217;au 26 septembre 2026 (inclut), ou les 120 derniers dossards : 239 \u20ac<\/li><li>Assurance : 34 \u20ac<\/li><\/ul><div>\u00a0<\/div>\t\t\t\t\t\t\t\t<\/div>\n\t\t\t\t<\/div>\n\t\t\t\t<div class=\"elementor-element elementor-element-87636c5 elementor-align-center elementor-widget elementor-widget-button\" data-id=\"87636c5\" data-element_type=\"widget\" data-e-type=\"widget\" data-widget_type=\"button.default\">\n\t\t\t\t<div class=\"elementor-widget-container\">\n\t\t\t\t\t\t\t\t\t<div class=\"elementor-button-wrapper\">\n\t\t\t\t\t<a class=\"elementor-button elementor-button-link elementor-size-md elementor-animation-grow\" href=\"https:\/\/in.inktape.net\/grc-2026\" target=\"_blank\">\n\t\t\t\t\t\t<span class=\"elementor-button-content-wrapper\">\n\t\t\t\t\t\t\t\t\t<span class=\"elementor-button-text\">Je m'inscris<\/span>\n\t\t\t\t\t<\/span>\n\t\t\t\t\t<\/a>\n\t\t\t\t<\/div>\n\t\t\t\t\t\t\t\t<\/div>\n\t\t\t\t<\/div>\n\t\t\t\t\t<\/div>\n\t\t<\/div>\n\t\t\t\t<div class=\"elementor-column elementor-col-50 elementor-top-column elementor-element elementor-element-065a27e\" data-id=\"065a27e\" data-element_type=\"column\" data-e-type=\"column\">\n\t\t\t<div class=\"elementor-widget-wrap elementor-element-populated\">\n\t\t\t\t\t\t<div class=\"elementor-element elementor-element-2f71b33 elementor-widget elementor-widget-image\" data-id=\"2f71b33\" data-element_type=\"widget\" data-e-type=\"widget\" data-widget_type=\"image.default\">\n\t\t\t\t<div class=\"elementor-widget-container\">\n\t\t\t\t\t\t\t\t\t\t\t\t\t\t\t<img loading=\"lazy\" decoding=\"async\" width=\"300\" height=\"300\" src=\"https:\/\/www.grandraid-cathares.fr\/wp-content\/uploads\/2025\/11\/logo-anneau-couleur-GRC-2026-300x300.png\" class=\"elementor-animation-grow attachment-medium size-medium wp-image-6886\" alt=\"\" srcset=\"https:\/\/www.grandraid-cathares.fr\/wp-content\/uploads\/2025\/11\/logo-anneau-couleur-GRC-2026-300x300.png 300w, https:\/\/www.grandraid-cathares.fr\/wp-content\/uploads\/2025\/11\/logo-anneau-couleur-GRC-2026-150x150.png 150w, https:\/\/www.grandraid-cathares.fr\/wp-content\/uploads\/2025\/11\/logo-anneau-couleur-GRC-2026.png 600w\" sizes=\"(max-width: 300px) 100vw, 300px\" \/>\t\t\t\t\t\t\t\t\t\t\t\t\t\t\t<\/div>\n\t\t\t\t<\/div>\n\t\t\t\t\t<\/div>\n\t\t<\/div>\n\t\t\t\t\t<\/div>\n\t\t<\/main>\n\t\t\t\t<main class=\"elementor-section elementor-top-section elementor-element elementor-element-c5f5e18 elementor-section-content-middle elementor-section-boxed elementor-section-height-default elementor-section-height-default\" data-id=\"c5f5e18\" data-element_type=\"section\" data-e-type=\"section\">\n\t\t\t\t\t\t<div class=\"elementor-container elementor-column-gap-wider\">\n\t\t\t\t\t<div class=\"elementor-column elementor-col-50 elementor-top-column elementor-element elementor-element-c519dce\" data-id=\"c519dce\" data-element_type=\"column\" data-e-type=\"column\">\n\t\t\t<div class=\"elementor-widget-wrap elementor-element-populated\">\n\t\t\t\t\t\t<div class=\"elementor-element elementor-element-a396f56 elementor-widget elementor-widget-image\" data-id=\"a396f56\" data-element_type=\"widget\" data-e-type=\"widget\" data-widget_type=\"image.default\">\n\t\t\t\t<div class=\"elementor-widget-container\">\n\t\t\t\t\t\t\t\t\t\t\t\t\t\t\t<img loading=\"lazy\" decoding=\"async\" width=\"300\" height=\"300\" src=\"https:\/\/www.grandraid-cathares.fr\/wp-content\/uploads\/2025\/11\/logo-anneau-couleur-RB-2026-300x300.png\" class=\"elementor-animation-grow attachment-medium size-medium wp-image-6888\" alt=\"\" srcset=\"https:\/\/www.grandraid-cathares.fr\/wp-content\/uploads\/2025\/11\/logo-anneau-couleur-RB-2026-300x300.png 300w, https:\/\/www.grandraid-cathares.fr\/wp-content\/uploads\/2025\/11\/logo-anneau-couleur-RB-2026-150x150.png 150w, https:\/\/www.grandraid-cathares.fr\/wp-content\/uploads\/2025\/11\/logo-anneau-couleur-RB-2026.png 600w\" sizes=\"(max-width: 300px) 100vw, 300px\" \/>\t\t\t\t\t\t\t\t\t\t\t\t\t\t\t<\/div>\n\t\t\t\t<\/div>\n\t\t\t\t\t<\/div>\n\t\t<\/div>\n\t\t\t\t<div class=\"elementor-column elementor-col-50 elementor-top-column elementor-element elementor-element-46f7e67\" data-id=\"46f7e67\" data-element_type=\"column\" data-e-type=\"column\">\n\t\t\t<div class=\"elementor-widget-wrap elementor-element-populated\">\n\t\t\t\t\t\t<div class=\"elementor-element elementor-element-3a39ae7 elementor-widget elementor-widget-heading\" data-id=\"3a39ae7\" data-element_type=\"widget\" data-e-type=\"widget\" data-widget_type=\"heading.default\">\n\t\t\t\t<div class=\"elementor-widget-container\">\n\t\t\t\t\t<h3 class=\"elementor-heading-title elementor-size-default\"><i>Raid des Bogomiles<\/i><\/h3>\t\t\t\t<\/div>\n\t\t\t\t<\/div>\n\t\t\t\t<div class=\"elementor-element elementor-element-2c5441a elementor-widget elementor-widget-text-editor\" data-id=\"2c5441a\" data-element_type=\"widget\" data-e-type=\"widget\" data-widget_type=\"text-editor.default\">\n\t\t\t\t<div class=\"elementor-widget-container\">\n\t\t\t\t\t\t\t\t\t<p>Course limit\u00e9e \u00e0 525 participants.\u00a0<\/p><ul><li>Groupe tarif 1 : inscrit jusqu&#8217;au 26 mai 2026 (inclut) , ou les 50 premiers dossards : 129 \u20ac<\/li><li>Groupe tarif 2 : inscrit jusqu&#8217;au 26 juillet 2026 (inclut), ou les 50 dossards suivant : 144 \u20ac<\/li><li>Groupe tarif 3 : inscrit jusqu&#8217;au 26 septembre 2026 (inclut), ou les 250 derniers dossards : 154 \u20ac<\/li><li>Assurance : 24 \u20ac<\/li><\/ul><div>\u00a0<\/div>\t\t\t\t\t\t\t\t<\/div>\n\t\t\t\t<\/div>\n\t\t\t\t<div class=\"elementor-element elementor-element-0459f14 elementor-align-center elementor-widget elementor-widget-button\" data-id=\"0459f14\" data-element_type=\"widget\" data-e-type=\"widget\" data-widget_type=\"button.default\">\n\t\t\t\t<div class=\"elementor-widget-container\">\n\t\t\t\t\t\t\t\t\t<div class=\"elementor-button-wrapper\">\n\t\t\t\t\t<a class=\"elementor-button elementor-button-link elementor-size-md elementor-animation-grow\" href=\"https:\/\/in.inktape.net\/grc-2026\" target=\"_blank\">\n\t\t\t\t\t\t<span class=\"elementor-button-content-wrapper\">\n\t\t\t\t\t\t\t\t\t<span class=\"elementor-button-text\">Je m'inscris<\/span>\n\t\t\t\t\t<\/span>\n\t\t\t\t\t<\/a>\n\t\t\t\t<\/div>\n\t\t\t\t\t\t\t\t<\/div>\n\t\t\t\t<\/div>\n\t\t\t\t\t<\/div>\n\t\t<\/div>\n\t\t\t\t\t<\/div>\n\t\t<\/main>\n\t\t\t\t<main class=\"elementor-section elementor-top-section elementor-element elementor-element-c359073 elementor-section-content-middle elementor-section-boxed elementor-section-height-default elementor-section-height-default\" data-id=\"c359073\" data-element_type=\"section\" data-e-type=\"section\">\n\t\t\t\t\t\t<div class=\"elementor-container elementor-column-gap-wider\">\n\t\t\t\t\t<div class=\"elementor-column elementor-col-50 elementor-top-column elementor-element elementor-element-3a3ce8f\" data-id=\"3a3ce8f\" data-element_type=\"column\" data-e-type=\"column\">\n\t\t\t<div class=\"elementor-widget-wrap elementor-element-populated\">\n\t\t\t\t\t\t<div class=\"elementor-element elementor-element-7508d98 elementor-widget elementor-widget-heading\" data-id=\"7508d98\" data-element_type=\"widget\" data-e-type=\"widget\" data-widget_type=\"heading.default\">\n\t\t\t\t<div class=\"elementor-widget-container\">\n\t\t\t\t\t<h3 class=\"elementor-heading-title elementor-size-default\"><i>Raid des Troubadours<\/i><\/h3>\t\t\t\t<\/div>\n\t\t\t\t<\/div>\n\t\t\t\t<div class=\"elementor-element elementor-element-5ee8514 elementor-widget elementor-widget-text-editor\" data-id=\"5ee8514\" data-element_type=\"widget\" data-e-type=\"widget\" data-widget_type=\"text-editor.default\">\n\t\t\t\t<div class=\"elementor-widget-container\">\n\t\t\t\t\t\t\t\t\t<p>Course limit\u00e9e \u00e0 350 participants.\u00a0<\/p><ul><li>Groupe tarif 1 : inscrit jusqu&#8217;au 26 mai 2026 (inclut) , ou les 75 premiers dossards : 99 \u20ac<\/li><li>Groupe tarif 2 : inscrit jusqu&#8217;au 26 juillet 2026 (inclut), ou les 75 dossards suivant : 109 \u20ac<\/li><li>Groupe tarif 3 : inscrit jusqu&#8217;au 26 septembre 2026 (inclut), ou les 450 derniers dossards : 119 \u20ac<\/li><li>Assurance : 22 \u20ac<\/li><\/ul>\t\t\t\t\t\t\t\t<\/div>\n\t\t\t\t<\/div>\n\t\t\t\t<div class=\"elementor-element elementor-element-b044e0f elementor-align-center elementor-widget elementor-widget-button\" data-id=\"b044e0f\" data-element_type=\"widget\" data-e-type=\"widget\" data-widget_type=\"button.default\">\n\t\t\t\t<div class=\"elementor-widget-container\">\n\t\t\t\t\t\t\t\t\t<div class=\"elementor-button-wrapper\">\n\t\t\t\t\t<a class=\"elementor-button elementor-button-link elementor-size-md elementor-animation-grow\" href=\"https:\/\/in.inktape.net\/grc-2026\" target=\"_blank\">\n\t\t\t\t\t\t<span class=\"elementor-button-content-wrapper\">\n\t\t\t\t\t\t\t\t\t<span class=\"elementor-button-text\">Je m'inscris<\/span>\n\t\t\t\t\t<\/span>\n\t\t\t\t\t<\/a>\n\t\t\t\t<\/div>\n\t\t\t\t\t\t\t\t<\/div>\n\t\t\t\t<\/div>\n\t\t\t\t\t<\/div>\n\t\t<\/div>\n\t\t\t\t<div class=\"elementor-column elementor-col-50 elementor-top-column elementor-element elementor-element-8d6f291\" data-id=\"8d6f291\" data-element_type=\"column\" data-e-type=\"column\">\n\t\t\t<div class=\"elementor-widget-wrap elementor-element-populated\">\n\t\t\t\t\t\t<div class=\"elementor-element elementor-element-3c48178 elementor-widget elementor-widget-image\" data-id=\"3c48178\" data-element_type=\"widget\" data-e-type=\"widget\" data-widget_type=\"image.default\">\n\t\t\t\t<div class=\"elementor-widget-container\">\n\t\t\t\t\t\t\t\t\t\t\t\t\t\t\t<img loading=\"lazy\" decoding=\"async\" width=\"300\" height=\"300\" src=\"https:\/\/www.grandraid-cathares.fr\/wp-content\/uploads\/2025\/11\/logo-anneau-couleur-GTT-2026-300x300.png\" class=\"elementor-animation-grow attachment-medium size-medium wp-image-6887\" alt=\"\" srcset=\"https:\/\/www.grandraid-cathares.fr\/wp-content\/uploads\/2025\/11\/logo-anneau-couleur-GTT-2026-300x300.png 300w, https:\/\/www.grandraid-cathares.fr\/wp-content\/uploads\/2025\/11\/logo-anneau-couleur-GTT-2026-150x150.png 150w, https:\/\/www.grandraid-cathares.fr\/wp-content\/uploads\/2025\/11\/logo-anneau-couleur-GTT-2026.png 600w\" sizes=\"(max-width: 300px) 100vw, 300px\" \/>\t\t\t\t\t\t\t\t\t\t\t\t\t\t\t<\/div>\n\t\t\t\t<\/div>\n\t\t\t\t\t<\/div>\n\t\t<\/div>\n\t\t\t\t\t<\/div>\n\t\t<\/main>\n\t\t\t\t<main class=\"elementor-section elementor-top-section elementor-element elementor-element-b277c33 elementor-section-content-middle elementor-section-boxed elementor-section-height-default elementor-section-height-default\" data-id=\"b277c33\" data-element_type=\"section\" data-e-type=\"section\">\n\t\t\t\t\t\t<div class=\"elementor-container elementor-column-gap-wider\">\n\t\t\t\t\t<div class=\"elementor-column elementor-col-50 elementor-top-column elementor-element elementor-element-ff0a692\" data-id=\"ff0a692\" data-element_type=\"column\" data-e-type=\"column\">\n\t\t\t<div class=\"elementor-widget-wrap elementor-element-populated\">\n\t\t\t\t\t\t<div class=\"elementor-element elementor-element-901e3ef elementor-widget elementor-widget-image\" data-id=\"901e3ef\" data-element_type=\"widget\" data-e-type=\"widget\" data-widget_type=\"image.default\">\n\t\t\t\t<div class=\"elementor-widget-container\">\n\t\t\t\t\t\t\t\t\t\t\t\t\t\t\t<img loading=\"lazy\" decoding=\"async\" width=\"300\" height=\"300\" src=\"https:\/\/www.grandraid-cathares.fr\/wp-content\/uploads\/2025\/11\/logo-anneau-couleur-TH-2026-300x300.png\" class=\"elementor-animation-grow attachment-medium size-medium wp-image-6889\" alt=\"\" srcset=\"https:\/\/www.grandraid-cathares.fr\/wp-content\/uploads\/2025\/11\/logo-anneau-couleur-TH-2026-300x300.png 300w, https:\/\/www.grandraid-cathares.fr\/wp-content\/uploads\/2025\/11\/logo-anneau-couleur-TH-2026-150x150.png 150w, https:\/\/www.grandraid-cathares.fr\/wp-content\/uploads\/2025\/11\/logo-anneau-couleur-TH-2026.png 600w\" sizes=\"(max-width: 300px) 100vw, 300px\" \/>\t\t\t\t\t\t\t\t\t\t\t\t\t\t\t<\/div>\n\t\t\t\t<\/div>\n\t\t\t\t\t<\/div>\n\t\t<\/div>\n\t\t\t\t<div class=\"elementor-column elementor-col-50 elementor-top-column elementor-element elementor-element-6bc02fc\" data-id=\"6bc02fc\" data-element_type=\"column\" data-e-type=\"column\">\n\t\t\t<div class=\"elementor-widget-wrap elementor-element-populated\">\n\t\t\t\t\t\t<div class=\"elementor-element elementor-element-65d3c77 elementor-widget elementor-widget-heading\" data-id=\"65d3c77\" data-element_type=\"widget\" data-e-type=\"widget\" data-widget_type=\"heading.default\">\n\t\t\t\t<div class=\"elementor-widget-container\">\n\t\t\t\t\t<h3 class=\"elementor-heading-title elementor-size-default\"><i>Trail des H\u00e9r\u00e9tiques<\/i><\/h3>\t\t\t\t<\/div>\n\t\t\t\t<\/div>\n\t\t\t\t<div class=\"elementor-element elementor-element-792bf6e elementor-widget elementor-widget-text-editor\" data-id=\"792bf6e\" data-element_type=\"widget\" data-e-type=\"widget\" data-widget_type=\"text-editor.default\">\n\t\t\t\t<div class=\"elementor-widget-container\">\n\t\t\t\t\t\t\t\t\t<p>Course limit\u00e9e \u00e0 620 participants.\u00a0<\/p><ul><li>Groupe tarif 1 : inscrit jusqu&#8217;au 26 mai 2026 (inclut) , ou les 50 premiers dossards : 82 \u20ac<\/li><li>Groupe tarif 2 : inscrit jusqu&#8217;au 26 juillet 2026 (inclut), ou les 50 dossards suivant : 89 \u20ac<\/li><li>Groupe tarif 3 : inscrit jusqu&#8217;au 26 septembre 2026 (inclut), ou les 350 derniers dossards : 94 \u20ac<\/li><li>Assurance : 19 \u20ac<\/li><\/ul>\t\t\t\t\t\t\t\t<\/div>\n\t\t\t\t<\/div>\n\t\t\t\t<div class=\"elementor-element elementor-element-40fc15e elementor-align-center elementor-widget elementor-widget-button\" data-id=\"40fc15e\" data-element_type=\"widget\" data-e-type=\"widget\" data-widget_type=\"button.default\">\n\t\t\t\t<div class=\"elementor-widget-container\">\n\t\t\t\t\t\t\t\t\t<div class=\"elementor-button-wrapper\">\n\t\t\t\t\t<a class=\"elementor-button elementor-button-link elementor-size-md elementor-animation-grow\" href=\"https:\/\/in.inktape.net\/grc-2026\" target=\"_blank\">\n\t\t\t\t\t\t<span class=\"elementor-button-content-wrapper\">\n\t\t\t\t\t\t\t\t\t<span class=\"elementor-button-text\">Je m'inscris<\/span>\n\t\t\t\t\t<\/span>\n\t\t\t\t\t<\/a>\n\t\t\t\t<\/div>\n\t\t\t\t\t\t\t\t<\/div>\n\t\t\t\t<\/div>\n\t\t\t\t\t<\/div>\n\t\t<\/div>\n\t\t\t\t\t<\/div>\n\t\t<\/main>\n\t\t\t\t<main class=\"elementor-section elementor-top-section elementor-element elementor-element-b6b6ac1 elementor-section-content-middle elementor-section-boxed elementor-section-height-default elementor-section-height-default\" data-id=\"b6b6ac1\" data-element_type=\"section\" data-e-type=\"section\">\n\t\t\t\t\t\t<div class=\"elementor-container elementor-column-gap-wider\">\n\t\t\t\t\t<div class=\"elementor-column elementor-col-50 elementor-top-column elementor-element elementor-element-51bdcd8\" data-id=\"51bdcd8\" data-element_type=\"column\" data-e-type=\"column\">\n\t\t\t<div class=\"elementor-widget-wrap elementor-element-populated\">\n\t\t\t\t\t\t<div class=\"elementor-element elementor-element-8d6e7e5 elementor-widget elementor-widget-heading\" data-id=\"8d6e7e5\" data-element_type=\"widget\" data-e-type=\"widget\" data-widget_type=\"heading.default\">\n\t\t\t\t<div class=\"elementor-widget-container\">\n\t\t\t\t\t<h3 class=\"elementor-heading-title elementor-size-default\"><i>Trail des Colombes<\/i><\/h3>\t\t\t\t<\/div>\n\t\t\t\t<\/div>\n\t\t\t\t<div class=\"elementor-element elementor-element-93cd409 elementor-widget elementor-widget-text-editor\" data-id=\"93cd409\" data-element_type=\"widget\" data-e-type=\"widget\" data-widget_type=\"text-editor.default\">\n\t\t\t\t<div class=\"elementor-widget-container\">\n\t\t\t\t\t\t\t\t\t<p>Course limit\u00e9e \u00e0 750 participants.\u00a0<\/p><ul><li>Groupe tarif 1 : inscrit jusqu&#8217;au 26 mai 2026 (inclut) , ou les 75 premiers dossards : 54 \u20ac<\/li><li>Groupe tarif 2 : inscrit jusqu&#8217;au 26 juillet 2026 (inclut), ou les 75 dossards suivant : 64 \u20ac<\/li><li>Groupe tarif 3 : inscrit jusqu&#8217;au 26 septembre 2026 (inclut), ou les 450 derniers dossards : 74 \u20ac<\/li><li>Assurance : 13 \u20ac<\/li><\/ul><div>\u00a0<\/div>\t\t\t\t\t\t\t\t<\/div>\n\t\t\t\t<\/div>\n\t\t\t\t<div class=\"elementor-element elementor-element-badfbd4 elementor-align-center elementor-widget elementor-widget-button\" data-id=\"badfbd4\" data-element_type=\"widget\" data-e-type=\"widget\" data-widget_type=\"button.default\">\n\t\t\t\t<div class=\"elementor-widget-container\">\n\t\t\t\t\t\t\t\t\t<div class=\"elementor-button-wrapper\">\n\t\t\t\t\t<a class=\"elementor-button elementor-button-link elementor-size-md elementor-animation-grow\" href=\"https:\/\/in.inktape.net\/grc-2026\" target=\"_blank\">\n\t\t\t\t\t\t<span class=\"elementor-button-content-wrapper\">\n\t\t\t\t\t\t\t\t\t<span class=\"elementor-button-text\">Je m'inscris<\/span>\n\t\t\t\t\t<\/span>\n\t\t\t\t\t<\/a>\n\t\t\t\t<\/div>\n\t\t\t\t\t\t\t\t<\/div>\n\t\t\t\t<\/div>\n\t\t\t\t\t<\/div>\n\t\t<\/div>\n\t\t\t\t<div class=\"elementor-column elementor-col-50 elementor-top-column elementor-element elementor-element-636b907\" data-id=\"636b907\" data-element_type=\"column\" data-e-type=\"column\">\n\t\t\t<div class=\"elementor-widget-wrap elementor-element-populated\">\n\t\t\t\t\t\t<div class=\"elementor-element elementor-element-f779364 elementor-widget elementor-widget-image\" data-id=\"f779364\" data-element_type=\"widget\" data-e-type=\"widget\" data-widget_type=\"image.default\">\n\t\t\t\t<div class=\"elementor-widget-container\">\n\t\t\t\t\t\t\t\t\t\t\t\t\t\t\t<img loading=\"lazy\" decoding=\"async\" width=\"300\" height=\"300\" src=\"https:\/\/www.grandraid-cathares.fr\/wp-content\/uploads\/2025\/11\/logo_anneau_couleur_TC-2026-300x300.png\" class=\"elementor-animation-grow attachment-medium size-medium wp-image-6891\" alt=\"\" srcset=\"https:\/\/www.grandraid-cathares.fr\/wp-content\/uploads\/2025\/11\/logo_anneau_couleur_TC-2026-300x300.png 300w, https:\/\/www.grandraid-cathares.fr\/wp-content\/uploads\/2025\/11\/logo_anneau_couleur_TC-2026-150x150.png 150w, https:\/\/www.grandraid-cathares.fr\/wp-content\/uploads\/2025\/11\/logo_anneau_couleur_TC-2026.png 600w\" sizes=\"(max-width: 300px) 100vw, 300px\" \/>\t\t\t\t\t\t\t\t\t\t\t\t\t\t\t<\/div>\n\t\t\t\t<\/div>\n\t\t\t\t\t<\/div>\n\t\t<\/div>\n\t\t\t\t\t<\/div>\n\t\t<\/main>\n\t\t\t\t<main class=\"elementor-section elementor-top-section elementor-element elementor-element-751b145 elementor-section-content-middle elementor-section-boxed elementor-section-height-default elementor-section-height-default\" data-id=\"751b145\" data-element_type=\"section\" data-e-type=\"section\">\n\t\t\t\t\t\t<div class=\"elementor-container elementor-column-gap-wider\">\n\t\t\t\t\t<div class=\"elementor-column elementor-col-50 elementor-top-column elementor-element elementor-element-7719b1f\" data-id=\"7719b1f\" data-element_type=\"column\" data-e-type=\"column\">\n\t\t\t<div class=\"elementor-widget-wrap elementor-element-populated\">\n\t\t\t\t\t\t<div class=\"elementor-element elementor-element-0cc4f74 elementor-widget elementor-widget-image\" data-id=\"0cc4f74\" data-element_type=\"widget\" data-e-type=\"widget\" data-widget_type=\"image.default\">\n\t\t\t\t<div class=\"elementor-widget-container\">\n\t\t\t\t\t\t\t\t\t\t\t\t\t\t\t<img loading=\"lazy\" decoding=\"async\" width=\"300\" height=\"300\" src=\"https:\/\/www.grandraid-cathares.fr\/wp-content\/uploads\/2025\/11\/Logo-anneau-couleur-TP-2026-300x300.png\" class=\"elementor-animation-grow attachment-medium size-medium wp-image-6904\" alt=\"\" srcset=\"https:\/\/www.grandraid-cathares.fr\/wp-content\/uploads\/2025\/11\/Logo-anneau-couleur-TP-2026-300x300.png 300w, https:\/\/www.grandraid-cathares.fr\/wp-content\/uploads\/2025\/11\/Logo-anneau-couleur-TP-2026-150x150.png 150w, https:\/\/www.grandraid-cathares.fr\/wp-content\/uploads\/2025\/11\/Logo-anneau-couleur-TP-2026.png 600w\" sizes=\"(max-width: 300px) 100vw, 300px\" \/>\t\t\t\t\t\t\t\t\t\t\t\t\t\t\t<\/div>\n\t\t\t\t<\/div>\n\t\t\t\t\t<\/div>\n\t\t<\/div>\n\t\t\t\t<div class=\"elementor-column elementor-col-50 elementor-top-column elementor-element elementor-element-62381a9\" data-id=\"62381a9\" data-element_type=\"column\" data-e-type=\"column\">\n\t\t\t<div class=\"elementor-widget-wrap elementor-element-populated\">\n\t\t\t\t\t\t<div class=\"elementor-element elementor-element-34c0144 elementor-widget elementor-widget-heading\" data-id=\"34c0144\" data-element_type=\"widget\" data-e-type=\"widget\" data-widget_type=\"heading.default\">\n\t\t\t\t<div class=\"elementor-widget-container\">\n\t\t\t\t\t<h3 class=\"elementor-heading-title elementor-size-default\"><i>Trail des Patarins<\/i><\/h3>\t\t\t\t<\/div>\n\t\t\t\t<\/div>\n\t\t\t\t<div class=\"elementor-element elementor-element-c2b8032 elementor-widget elementor-widget-text-editor\" data-id=\"c2b8032\" data-element_type=\"widget\" data-e-type=\"widget\" data-widget_type=\"text-editor.default\">\n\t\t\t\t<div class=\"elementor-widget-container\">\n\t\t\t\t\t\t\t\t\t<p>Course limit\u00e9e \u00e0 500 participants.\u00a0<\/p><ul><li>Groupe tarif 1 : inscrit jusqu&#8217;au 26 mai 2026 (inclut) , ou les 75 premiers dossards : 33 \u20ac<\/li><li>Groupe tarif 2 : inscrit jusqu&#8217;au 26 juillet 2026 (inclut), ou les 75 dossards suivant : 39 \u20ac<\/li><li>Groupe tarif 3 : inscrit jusqu&#8217;au 26 octobre 2026 (inclut), ou les 250 derniers dossards : 44 \u20ac<\/li><li>Assurance : 10 \u20ac<\/li><\/ul>\t\t\t\t\t\t\t\t<\/div>\n\t\t\t\t<\/div>\n\t\t\t\t<div class=\"elementor-element elementor-element-55c5309 elementor-align-center elementor-widget elementor-widget-button\" data-id=\"55c5309\" data-element_type=\"widget\" data-e-type=\"widget\" data-widget_type=\"button.default\">\n\t\t\t\t<div class=\"elementor-widget-container\">\n\t\t\t\t\t\t\t\t\t<div class=\"elementor-button-wrapper\">\n\t\t\t\t\t<a class=\"elementor-button elementor-button-link elementor-size-md elementor-animation-grow\" href=\"https:\/\/in.inktape.net\/grc-2026\" target=\"_blank\">\n\t\t\t\t\t\t<span class=\"elementor-button-content-wrapper\">\n\t\t\t\t\t\t\t\t\t<span class=\"elementor-button-text\">Je m'inscris<\/span>\n\t\t\t\t\t<\/span>\n\t\t\t\t\t<\/a>\n\t\t\t\t<\/div>\n\t\t\t\t\t\t\t\t<\/div>\n\t\t\t\t<\/div>\n\t\t\t\t\t<\/div>\n\t\t<\/div>\n\t\t\t\t\t<\/div>\n\t\t<\/main>\n\t\t\t\t<main class=\"elementor-section elementor-top-section elementor-element elementor-element-cbd72a8 elementor-section-content-middle elementor-section-boxed elementor-section-height-default elementor-section-height-default\" data-id=\"cbd72a8\" data-element_type=\"section\" data-e-type=\"section\">\n\t\t\t\t\t\t<div class=\"elementor-container elementor-column-gap-wider\">\n\t\t\t\t\t<div class=\"elementor-column elementor-col-50 elementor-top-column elementor-element elementor-element-c60dd83\" data-id=\"c60dd83\" data-element_type=\"column\" data-e-type=\"column\">\n\t\t\t<div class=\"elementor-widget-wrap elementor-element-populated\">\n\t\t\t\t\t\t<div class=\"elementor-element elementor-element-20d6e07 elementor-widget elementor-widget-heading\" data-id=\"20d6e07\" data-element_type=\"widget\" data-e-type=\"widget\" data-widget_type=\"heading.default\">\n\t\t\t\t<div class=\"elementor-widget-container\">\n\t\t\t\t\t<h3 class=\"elementor-heading-title elementor-size-default\"><i>Trail Nocturne du Ch\u00e2teau Comtal<\/i><\/h3>\t\t\t\t<\/div>\n\t\t\t\t<\/div>\n\t\t\t\t<div class=\"elementor-element elementor-element-e0a5980 elementor-widget elementor-widget-text-editor\" data-id=\"e0a5980\" data-element_type=\"widget\" data-e-type=\"widget\" data-widget_type=\"text-editor.default\">\n\t\t\t\t<div class=\"elementor-widget-container\">\n\t\t\t\t\t\t\t\t\t<p>Course limit\u00e9e \u00e0 500 participants.\u00a0<\/p><ul><li><span style=\"font-family: var( --e-global-typography-text-font-family ), Sans-serif;\">Groupe tarif 1 : inscrit jusqu&#8217;au 26 mai 2026 (inclut) , ou les 75 premiers dossards : 23 \u20ac<\/span><\/li><li>Groupe tarif 2 : inscrit jusqu&#8217;au 26 juillet 2026 (inclut), ou les 75 dossards suivant : 26 \u20ac<\/li><li>Groupe tarif 3 : inscrit jusqu&#8217;au 26 septembre 2026 (inclut), ou les 250 derniers dossards : 29 \u20ac<\/li><li><span style=\"font-family: var( --e-global-typography-text-font-family ), Sans-serif;\">Assurance : 7 \u20ac<\/span><\/li><\/ul>\t\t\t\t\t\t\t\t<\/div>\n\t\t\t\t<\/div>\n\t\t\t\t<div class=\"elementor-element elementor-element-18ac07a elementor-align-center elementor-widget elementor-widget-button\" data-id=\"18ac07a\" data-element_type=\"widget\" data-e-type=\"widget\" data-widget_type=\"button.default\">\n\t\t\t\t<div class=\"elementor-widget-container\">\n\t\t\t\t\t\t\t\t\t<div class=\"elementor-button-wrapper\">\n\t\t\t\t\t<a class=\"elementor-button elementor-button-link elementor-size-md elementor-animation-grow\" href=\"https:\/\/in.inktape.net\/grc-2026\" target=\"_blank\">\n\t\t\t\t\t\t<span class=\"elementor-button-content-wrapper\">\n\t\t\t\t\t\t\t\t\t<span class=\"elementor-button-text\">Je m'inscris<\/span>\n\t\t\t\t\t<\/span>\n\t\t\t\t\t<\/a>\n\t\t\t\t<\/div>\n\t\t\t\t\t\t\t\t<\/div>\n\t\t\t\t<\/div>\n\t\t\t\t\t<\/div>\n\t\t<\/div>\n\t\t\t\t<div class=\"elementor-column elementor-col-50 elementor-top-column elementor-element elementor-element-0334455\" data-id=\"0334455\" data-element_type=\"column\" data-e-type=\"column\">\n\t\t\t<div class=\"elementor-widget-wrap elementor-element-populated\">\n\t\t\t\t\t\t<div class=\"elementor-element elementor-element-dff0422 elementor-widget elementor-widget-image\" data-id=\"dff0422\" data-element_type=\"widget\" data-e-type=\"widget\" data-widget_type=\"image.default\">\n\t\t\t\t<div class=\"elementor-widget-container\">\n\t\t\t\t\t\t\t\t\t\t\t\t\t\t\t<img loading=\"lazy\" decoding=\"async\" width=\"300\" height=\"300\" src=\"https:\/\/www.grandraid-cathares.fr\/wp-content\/uploads\/2025\/11\/logo-anneau-couleur-TNCC-2026-300x300.png\" class=\"elementor-animation-grow attachment-medium size-medium wp-image-6890\" alt=\"\" srcset=\"https:\/\/www.grandraid-cathares.fr\/wp-content\/uploads\/2025\/11\/logo-anneau-couleur-TNCC-2026-300x300.png 300w, https:\/\/www.grandraid-cathares.fr\/wp-content\/uploads\/2025\/11\/logo-anneau-couleur-TNCC-2026-150x150.png 150w, https:\/\/www.grandraid-cathares.fr\/wp-content\/uploads\/2025\/11\/logo-anneau-couleur-TNCC-2026.png 600w\" sizes=\"(max-width: 300px) 100vw, 300px\" \/>\t\t\t\t\t\t\t\t\t\t\t\t\t\t\t<\/div>\n\t\t\t\t<\/div>\n\t\t\t\t\t<\/div>\n\t\t<\/div>\n\t\t\t\t\t<\/div>\n\t\t<\/main>\n\t\t\t\t<section class=\"elementor-section elementor-top-section elementor-element elementor-element-cf34b9b elementor-section-boxed elementor-section-height-default elementor-section-height-default\" data-id=\"cf34b9b\" data-element_type=\"section\" data-e-type=\"section\">\n\t\t\t\t\t\t<div class=\"elementor-container elementor-column-gap-default\">\n\t\t\t\t\t<div class=\"elementor-column elementor-col-50 elementor-top-column elementor-element elementor-element-77fc5a9\" data-id=\"77fc5a9\" data-element_type=\"column\" data-e-type=\"column\">\n\t\t\t<div class=\"elementor-widget-wrap elementor-element-populated\">\n\t\t\t\t\t\t<div class=\"elementor-element elementor-element-f80eca8 elementor-widget elementor-widget-image\" data-id=\"f80eca8\" data-element_type=\"widget\" data-e-type=\"widget\" data-widget_type=\"image.default\">\n\t\t\t\t<div class=\"elementor-widget-container\">\n\t\t\t\t\t\t\t\t\t\t\t\t\t\t\t<img loading=\"lazy\" decoding=\"async\" width=\"800\" height=\"224\" src=\"https:\/\/www.grandraid-cathares.fr\/wp-content\/uploads\/2024\/01\/logo-utmb-ws-1024x287.webp\" class=\"attachment-large size-large wp-image-3151\" alt=\"\" srcset=\"https:\/\/www.grandraid-cathares.fr\/wp-content\/uploads\/2024\/01\/logo-utmb-ws-1024x287.webp 1024w, https:\/\/www.grandraid-cathares.fr\/wp-content\/uploads\/2024\/01\/logo-utmb-ws-300x84.webp 300w, https:\/\/www.grandraid-cathares.fr\/wp-content\/uploads\/2024\/01\/logo-utmb-ws-768x215.webp 768w, https:\/\/www.grandraid-cathares.fr\/wp-content\/uploads\/2024\/01\/logo-utmb-ws-1536x430.webp 1536w, https:\/\/www.grandraid-cathares.fr\/wp-content\/uploads\/2024\/01\/logo-utmb-ws.webp 1920w\" sizes=\"(max-width: 800px) 100vw, 800px\" \/>\t\t\t\t\t\t\t\t\t\t\t\t\t\t\t<\/div>\n\t\t\t\t<\/div>\n\t\t\t\t\t<\/div>\n\t\t<\/div>\n\t\t\t\t<div class=\"elementor-column elementor-col-50 elementor-top-column elementor-element elementor-element-df8f3ca\" data-id=\"df8f3ca\" data-element_type=\"column\" data-e-type=\"column\">\n\t\t\t<div class=\"elementor-widget-wrap elementor-element-populated\">\n\t\t\t\t\t\t<div class=\"elementor-element elementor-element-9c8a697 elementor-widget elementor-widget-text-editor\" data-id=\"9c8a697\" data-element_type=\"widget\" data-e-type=\"widget\" data-widget_type=\"text-editor.default\">\n\t\t\t\t<div class=\"elementor-widget-container\">\n\t\t\t\t\t\t\t\t\t<p><span class=\"TextRun SCXW175156166 BCX4\" lang=\"FR-FR\" xml:lang=\"FR-FR\" data-contrast=\"auto\"><span class=\"NormalTextRun SCXW175156166 BCX4\">Dans le nouveau syst\u00e8me de qualification de L\u2019UTMB\u00ae, \u00e0 l\u2019exception du trail nocturne du ch\u00e2teau comtal, toutes nos courses sont labellis\u00e9es \u201cUTMB World <\/span><span class=\"NormalTextRun SpellingErrorV2Themed SCXW175156166 BCX4\">Series<\/span><span class=\"NormalTextRun SCXW175156166 BCX4\"> Qualifier\u201d.<\/span><\/span><span class=\"EOP SCXW175156166 BCX4\" data-ccp-props=\"{&quot;134233117&quot;:true,&quot;134233118&quot;:true,&quot;201341983&quot;:0,&quot;335559739&quot;:160,&quot;335559740&quot;:240}\">\u00a0<\/span><\/p><p><span data-contrast=\"auto\"><strong>Les finishers de chacune des courses pourront s\u2019inscrire aux \u201cUTMB World Series Event\u201d sur un format de course similaire ou inf\u00e9rieur.<\/strong> Ces \u00e9v\u00e8nements labellis\u00e9s \u201cUTMB World Series Event\u201d permettent eux d\u2019engranger des points pour se qualifier aux \u201cUTMB World Series Finals\u201d \u00e0 Chamonix.<\/span><span data-contrast=\"auto\">\u00a0 <\/span><span data-contrast=\"auto\">Lien vers le site :\u202fhttps:\/\/utmb.world\/index-races<\/span><span data-ccp-props=\"{&quot;134233117&quot;:true,&quot;134233118&quot;:true,&quot;201341983&quot;:0,&quot;335559739&quot;:160,&quot;335559740&quot;:240}\">\u00a0<\/span><\/p><p><strong>Le Grand Raid des Cathares n&#8217;a jamais adh\u00e9r\u00e9 au syst\u00e8me ITRA (pas de points ITRA \u00e0 l&#8217;issus de nos courses).\u00a0<\/strong><\/p>\t\t\t\t\t\t\t\t<\/div>\n\t\t\t\t<\/div>\n\t\t\t\t\t<\/div>\n\t\t<\/div>\n\t\t\t\t\t<\/div>\n\t\t<\/section>\n\t\t\t\t<\/div>\n\t\t","protected":false},"excerpt":{"rendered":"<p>DATES D&#8217;INSCRIPTIONS Les inscriptions ouvrent le 26 Mars 2026 \u00e0 12 heures. Celles-ci fermeront le 26 Septembre 2026.\u00a0 TARIFS DES INSCRIPTIONS Les tarifs sont d\u00e9finis pour les diff\u00e9rentes courses et augmentent de fa\u00e7on progressive en fonction d&#8217;un nombre de dossards d\u00e9termin\u00e9 et de p\u00e9riodes d\u00e9finies. Pour Le Grand Raid des Cathares : 50 dossards seront [&hellip;]<\/p>\n","protected":false},"author":2,"featured_media":0,"parent":0,"menu_order":0,"comment_status":"closed","ping_status":"closed","template":"","meta":{"footnotes":""},"class_list":["post-2109","page","type-page","status-publish","hentry"],"yoast_head":"<!-- This site is optimized with the Yoast SEO plugin v27.5 - https:\/\/yoast.com\/product\/yoast-seo-wordpress\/ -->\n<title>Inscriptions et tarifs - Grand Raid des Cathares<\/title>\n<meta name=\"description\" content=\"Sur cette page, d\u00e9couvrez tous les tarifs des six courses, ainsi que les modalit\u00e9s d&#039;inscriptions. Les inscriptions ouvrent le 24 mars.\" \/>\n<meta name=\"robots\" content=\"index, follow, max-snippet:-1, max-image-preview:large, max-video-preview:-1\" \/>\n<link rel=\"canonical\" href=\"https:\/\/www.grandraid-cathares.fr\/index.php\/inscriptions-et-tarifs\/\" \/>\n<meta property=\"og:locale\" content=\"fr_FR\" \/>\n<meta property=\"og:type\" content=\"article\" \/>\n<meta property=\"og:title\" content=\"Inscriptions et tarifs - Grand Raid des Cathares\" \/>\n<meta property=\"og:description\" content=\"Sur cette page, d\u00e9couvrez tous les tarifs des six courses, ainsi que les modalit\u00e9s d&#039;inscriptions. Les inscriptions ouvrent le 24 mars.\" \/>\n<meta property=\"og:url\" content=\"https:\/\/www.grandraid-cathares.fr\/index.php\/inscriptions-et-tarifs\/\" \/>\n<meta property=\"og:site_name\" content=\"Grand Raid des Cathares\" \/>\n<meta property=\"article:modified_time\" content=\"2026-03-26T09:06:34+00:00\" \/>\n<meta property=\"og:image\" content=\"https:\/\/www.grandraid-cathares.fr\/wp-content\/uploads\/2025\/11\/logo-anneau-couleur-GRC-2026.png\" \/>\n\t<meta property=\"og:image:width\" content=\"600\" \/>\n\t<meta property=\"og:image:height\" content=\"600\" \/>\n\t<meta property=\"og:image:type\" content=\"image\/png\" \/>\n<meta name=\"twitter:card\" content=\"summary_large_image\" \/>\n<meta name=\"twitter:label1\" content=\"Dur\u00e9e de lecture estim\u00e9e\" \/>\n\t<meta name=\"twitter:data1\" content=\"10 minutes\" \/>\n<script type=\"application\/ld+json\" class=\"yoast-schema-graph\">{\"@context\":\"https:\\\/\\\/schema.org\",\"@graph\":[{\"@type\":\"WebPage\",\"@id\":\"https:\\\/\\\/www.grandraid-cathares.fr\\\/index.php\\\/inscriptions-et-tarifs\\\/\",\"url\":\"https:\\\/\\\/www.grandraid-cathares.fr\\\/index.php\\\/inscriptions-et-tarifs\\\/\",\"name\":\"Inscriptions et tarifs - Grand Raid des Cathares\",\"isPartOf\":{\"@id\":\"https:\\\/\\\/www.grandraid-cathares.fr\\\/#website\"},\"primaryImageOfPage\":{\"@id\":\"https:\\\/\\\/www.grandraid-cathares.fr\\\/index.php\\\/inscriptions-et-tarifs\\\/#primaryimage\"},\"image\":{\"@id\":\"https:\\\/\\\/www.grandraid-cathares.fr\\\/index.php\\\/inscriptions-et-tarifs\\\/#primaryimage\"},\"thumbnailUrl\":\"https:\\\/\\\/www.grandraid-cathares.fr\\\/wp-content\\\/uploads\\\/2025\\\/11\\\/logo-anneau-couleur-GRC-2026-150x150.png\",\"datePublished\":\"2023-03-10T10:57:59+00:00\",\"dateModified\":\"2026-03-26T09:06:34+00:00\",\"description\":\"Sur cette page, d\u00e9couvrez tous les tarifs des six courses, ainsi que les modalit\u00e9s d'inscriptions. Les inscriptions ouvrent le 24 mars.\",\"breadcrumb\":{\"@id\":\"https:\\\/\\\/www.grandraid-cathares.fr\\\/index.php\\\/inscriptions-et-tarifs\\\/#breadcrumb\"},\"inLanguage\":\"fr-FR\",\"potentialAction\":[{\"@type\":\"ReadAction\",\"target\":[\"https:\\\/\\\/www.grandraid-cathares.fr\\\/index.php\\\/inscriptions-et-tarifs\\\/\"]}]},{\"@type\":\"ImageObject\",\"inLanguage\":\"fr-FR\",\"@id\":\"https:\\\/\\\/www.grandraid-cathares.fr\\\/index.php\\\/inscriptions-et-tarifs\\\/#primaryimage\",\"url\":\"https:\\\/\\\/www.grandraid-cathares.fr\\\/wp-content\\\/uploads\\\/2025\\\/11\\\/logo-anneau-couleur-GRC-2026.png\",\"contentUrl\":\"https:\\\/\\\/www.grandraid-cathares.fr\\\/wp-content\\\/uploads\\\/2025\\\/11\\\/logo-anneau-couleur-GRC-2026.png\",\"width\":600,\"height\":600},{\"@type\":\"BreadcrumbList\",\"@id\":\"https:\\\/\\\/www.grandraid-cathares.fr\\\/index.php\\\/inscriptions-et-tarifs\\\/#breadcrumb\",\"itemListElement\":[{\"@type\":\"ListItem\",\"position\":1,\"name\":\"Accueil\",\"item\":\"https:\\\/\\\/www.grandraid-cathares.fr\\\/\"},{\"@type\":\"ListItem\",\"position\":2,\"name\":\"Inscriptions et tarifs\"}]},{\"@type\":\"WebSite\",\"@id\":\"https:\\\/\\\/www.grandraid-cathares.fr\\\/#website\",\"url\":\"https:\\\/\\\/www.grandraid-cathares.fr\\\/\",\"name\":\"Grand Raid des Cathares\",\"description\":\"\",\"publisher\":{\"@id\":\"https:\\\/\\\/www.grandraid-cathares.fr\\\/#organization\"},\"potentialAction\":[{\"@type\":\"SearchAction\",\"target\":{\"@type\":\"EntryPoint\",\"urlTemplate\":\"https:\\\/\\\/www.grandraid-cathares.fr\\\/?s={search_term_string}\"},\"query-input\":{\"@type\":\"PropertyValueSpecification\",\"valueRequired\":true,\"valueName\":\"search_term_string\"}}],\"inLanguage\":\"fr-FR\"},{\"@type\":\"Organization\",\"@id\":\"https:\\\/\\\/www.grandraid-cathares.fr\\\/#organization\",\"name\":\"Grand Raid des Cathares\",\"url\":\"https:\\\/\\\/www.grandraid-cathares.fr\\\/\",\"logo\":{\"@type\":\"ImageObject\",\"inLanguage\":\"fr-FR\",\"@id\":\"https:\\\/\\\/www.grandraid-cathares.fr\\\/#\\\/schema\\\/logo\\\/image\\\/\",\"url\":\"https:\\\/\\\/www.grandraid-cathares.fr\\\/wp-content\\\/uploads\\\/2022\\\/12\\\/LOGO-GRC-noire-pour-site-.png\",\"contentUrl\":\"https:\\\/\\\/www.grandraid-cathares.fr\\\/wp-content\\\/uploads\\\/2022\\\/12\\\/LOGO-GRC-noire-pour-site-.png\",\"width\":152,\"height\":150,\"caption\":\"Grand Raid des Cathares\"},\"image\":{\"@id\":\"https:\\\/\\\/www.grandraid-cathares.fr\\\/#\\\/schema\\\/logo\\\/image\\\/\"}}]}<\/script>\n<!-- \/ Yoast SEO plugin. -->","yoast_head_json":{"title":"Inscriptions et tarifs - Grand Raid des Cathares","description":"Sur cette page, d\u00e9couvrez tous les tarifs des six courses, ainsi que les modalit\u00e9s d'inscriptions. Les inscriptions ouvrent le 24 mars.","robots":{"index":"index","follow":"follow","max-snippet":"max-snippet:-1","max-image-preview":"max-image-preview:large","max-video-preview":"max-video-preview:-1"},"canonical":"https:\/\/www.grandraid-cathares.fr\/index.php\/inscriptions-et-tarifs\/","og_locale":"fr_FR","og_type":"article","og_title":"Inscriptions et tarifs - Grand Raid des Cathares","og_description":"Sur cette page, d\u00e9couvrez tous les tarifs des six courses, ainsi que les modalit\u00e9s d'inscriptions. Les inscriptions ouvrent le 24 mars.","og_url":"https:\/\/www.grandraid-cathares.fr\/index.php\/inscriptions-et-tarifs\/","og_site_name":"Grand Raid des Cathares","article_modified_time":"2026-03-26T09:06:34+00:00","og_image":[{"width":600,"height":600,"url":"https:\/\/www.grandraid-cathares.fr\/wp-content\/uploads\/2025\/11\/logo-anneau-couleur-GRC-2026.png","type":"image\/png"}],"twitter_card":"summary_large_image","twitter_misc":{"Dur\u00e9e de lecture estim\u00e9e":"10 minutes"},"schema":{"@context":"https:\/\/schema.org","@graph":[{"@type":"WebPage","@id":"https:\/\/www.grandraid-cathares.fr\/index.php\/inscriptions-et-tarifs\/","url":"https:\/\/www.grandraid-cathares.fr\/index.php\/inscriptions-et-tarifs\/","name":"Inscriptions et tarifs - Grand Raid des Cathares","isPartOf":{"@id":"https:\/\/www.grandraid-cathares.fr\/#website"},"primaryImageOfPage":{"@id":"https:\/\/www.grandraid-cathares.fr\/index.php\/inscriptions-et-tarifs\/#primaryimage"},"image":{"@id":"https:\/\/www.grandraid-cathares.fr\/index.php\/inscriptions-et-tarifs\/#primaryimage"},"thumbnailUrl":"https:\/\/www.grandraid-cathares.fr\/wp-content\/uploads\/2025\/11\/logo-anneau-couleur-GRC-2026-150x150.png","datePublished":"2023-03-10T10:57:59+00:00","dateModified":"2026-03-26T09:06:34+00:00","description":"Sur cette page, d\u00e9couvrez tous les tarifs des six courses, ainsi que les modalit\u00e9s d'inscriptions. Les inscriptions ouvrent le 24 mars.","breadcrumb":{"@id":"https:\/\/www.grandraid-cathares.fr\/index.php\/inscriptions-et-tarifs\/#breadcrumb"},"inLanguage":"fr-FR","potentialAction":[{"@type":"ReadAction","target":["https:\/\/www.grandraid-cathares.fr\/index.php\/inscriptions-et-tarifs\/"]}]},{"@type":"ImageObject","inLanguage":"fr-FR","@id":"https:\/\/www.grandraid-cathares.fr\/index.php\/inscriptions-et-tarifs\/#primaryimage","url":"https:\/\/www.grandraid-cathares.fr\/wp-content\/uploads\/2025\/11\/logo-anneau-couleur-GRC-2026.png","contentUrl":"https:\/\/www.grandraid-cathares.fr\/wp-content\/uploads\/2025\/11\/logo-anneau-couleur-GRC-2026.png","width":600,"height":600},{"@type":"BreadcrumbList","@id":"https:\/\/www.grandraid-cathares.fr\/index.php\/inscriptions-et-tarifs\/#breadcrumb","itemListElement":[{"@type":"ListItem","position":1,"name":"Accueil","item":"https:\/\/www.grandraid-cathares.fr\/"},{"@type":"ListItem","position":2,"name":"Inscriptions et tarifs"}]},{"@type":"WebSite","@id":"https:\/\/www.grandraid-cathares.fr\/#website","url":"https:\/\/www.grandraid-cathares.fr\/","name":"Grand Raid des Cathares","description":"","publisher":{"@id":"https:\/\/www.grandraid-cathares.fr\/#organization"},"potentialAction":[{"@type":"SearchAction","target":{"@type":"EntryPoint","urlTemplate":"https:\/\/www.grandraid-cathares.fr\/?s={search_term_string}"},"query-input":{"@type":"PropertyValueSpecification","valueRequired":true,"valueName":"search_term_string"}}],"inLanguage":"fr-FR"},{"@type":"Organization","@id":"https:\/\/www.grandraid-cathares.fr\/#organization","name":"Grand Raid des Cathares","url":"https:\/\/www.grandraid-cathares.fr\/","logo":{"@type":"ImageObject","inLanguage":"fr-FR","@id":"https:\/\/www.grandraid-cathares.fr\/#\/schema\/logo\/image\/","url":"https:\/\/www.grandraid-cathares.fr\/wp-content\/uploads\/2022\/12\/LOGO-GRC-noire-pour-site-.png","contentUrl":"https:\/\/www.grandraid-cathares.fr\/wp-content\/uploads\/2022\/12\/LOGO-GRC-noire-pour-site-.png","width":152,"height":150,"caption":"Grand Raid des Cathares"},"image":{"@id":"https:\/\/www.grandraid-cathares.fr\/#\/schema\/logo\/image\/"}}]}},"jetpack_sharing_enabled":true,"_links":{"self":[{"href":"https:\/\/www.grandraid-cathares.fr\/index.php\/wp-json\/wp\/v2\/pages\/2109","targetHints":{"allow":["GET"]}}],"collection":[{"href":"https:\/\/www.grandraid-cathares.fr\/index.php\/wp-json\/wp\/v2\/pages"}],"about":[{"href":"https:\/\/www.grandraid-cathares.fr\/index.php\/wp-json\/wp\/v2\/types\/page"}],"author":[{"embeddable":true,"href":"https:\/\/www.grandraid-cathares.fr\/index.php\/wp-json\/wp\/v2\/users\/2"}],"replies":[{"embeddable":true,"href":"https:\/\/www.grandraid-cathares.fr\/index.php\/wp-json\/wp\/v2\/comments?post=2109"}],"version-history":[{"count":228,"href":"https:\/\/www.grandraid-cathares.fr\/index.php\/wp-json\/wp\/v2\/pages\/2109\/revisions"}],"predecessor-version":[{"id":7331,"href":"https:\/\/www.grandraid-cathares.fr\/index.php\/wp-json\/wp\/v2\/pages\/2109\/revisions\/7331"}],"wp:attachment":[{"href":"https:\/\/www.grandraid-cathares.fr\/index.php\/wp-json\/wp\/v2\/media?parent=2109"}],"curies":[{"name":"wp","href":"https:\/\/api.w.org\/{rel}","templated":true}]}}